{"id":3660,"date":"2025-04-11T19:33:47","date_gmt":"2025-04-11T17:33:47","guid":{"rendered":"https:\/\/santonsvaquette.fr\/?post_type=product&#038;p=3660"},"modified":"2025-12-05T08:43:17","modified_gmt":"2025-12-05T07:43:17","slug":"papa-et-sa-fille-a-cheval","status":"publish","type":"product","link":"https:\/\/santonsvaquette.fr\/en\/product\/papa-et-sa-fille-a-cheval\/","title":{"rendered":"Papa et sa fille  \u00e0 cheval"},"content":{"rendered":"<p><strong>Papa et sa fille \u00e0 cheval<\/strong><\/p>\n<p>Notre amour pour l&rsquo;artisanat nous m\u00e8ne \u00e0 vous proposer des santons de qualit\u00e9 artisanale, fabriqu\u00e9s depuis 1981 dans la plus pure tradition des cr\u00e8ches proven\u00e7ales. Notre fabrication est 100% fran\u00e7aise, les santons \u00e9tant r\u00e9alis\u00e9s dans notre atelier de Saint-Gilles. Les santons que nous vous proposons seront id\u00e9als pour vos d\u00e9cors de cr\u00e8che, pour compl\u00e9ter votre collection ou pour offrir. Les santons sont faits mains dans la plus grande tradition pour vous proposer un produit dot\u00e9 d&rsquo;une grande qualit\u00e9. Voir:\u00a0 <a href=\"https:\/\/santonsvaquette.fr\/en\/notre-histoire\/\">Our history<\/a>.<\/p>\n<h2><strong>Pr\u00e9sentation<\/strong><\/h2>\n<ul>\n<li><strong>Papa et sa fille \u00e0 cheval<\/strong> repr\u00e9sente \u00a0un \u00a0gardian et sa filles sur leur\u00a0 cheval de Camargue pour un d\u00e9fil\u00e9 lors d&rsquo;une manifestation de tradition Camarguaise.<\/li>\n<\/ul>\n<h2>Taille<\/h2>\n<p>4 cm<\/p>\n<h2>Prix<\/h2>\n<p>27 euros<\/p>\n<p>&nbsp;<\/p>","protected":false},"excerpt":{"rendered":"<ul>\n<li><strong>Papa et sa fille \u00e0 cheval<\/strong> repr\u00e9sente \u00a0un \u00a0gardian et sa filles sur leur\u00a0 cheval de Camargue pour un d\u00e9fil\u00e9 lors d&rsquo;une manifestation de tradition Camarguaise.<\/li>\n<\/ul>","protected":false},"featured_media":3659,"comment_status":"open","ping_status":"closed","template":"","meta":{"jetpack_post_was_ever_published":false,"jetpack_publicize_message":"","jetpack_publicize_feature_enabled":true,"jetpack_social_post_already_shared":true,"jetpack_social_options":{"image_generator_settings":{"template":"highway","default_image_id":0,"font":"","enabled":false},"version":2}},"product_brand":[],"product_cat":[180,186,57],"product_tag":[34,77,78,81,33,32],"class_list":{"0":"post-3660","1":"product","2":"type-product","3":"status-publish","4":"has-post-thumbnail","6":"product_cat-enfants-4-cm-2","7":"product_cat-la-camargue-4-cm","8":"product_cat-santons-4-cm","9":"product_tag-4cm","10":"product_tag-camargue","11":"product_tag-gardian","12":"product_tag-larlesienne","13":"product_tag-personnage","14":"product_tag-santons","16":"first","17":"outofstock","18":"purchasable","19":"product-type-simple"},"yoast_head":"<!-- This site is optimized with the Yoast SEO plugin v27.5 - https:\/\/yoast.com\/product\/yoast-seo-wordpress\/ -->\n<title>Boutique - Produit - Papa et sa fille \u00e0 cheval - Santons Vaquette<\/title>\n<meta name=\"description\" content=\"Papa et sa fille \u00e0 cheval repr\u00e9sente un gardian et sa filles sur leur cheval de Camargue pour un d\u00e9fil\u00e9 lors d&#039;une manifestation de tradition Camarguaise.\" \/>\n<meta name=\"robots\" content=\"index, follow, max-snippet:-1, max-image-preview:large, max-video-preview:-1\" \/>\n<link rel=\"canonical\" href=\"https:\/\/santonsvaquette.fr\/en\/product\/papa-et-sa-fille-a-cheval\/\" \/>\n<meta property=\"og:locale\" content=\"en_US\" \/>\n<meta property=\"og:type\" content=\"article\" \/>\n<meta property=\"og:title\" content=\"Boutique - Produit - Papa et sa fille \u00e0 cheval - Santons Vaquette\" \/>\n<meta property=\"og:description\" content=\"Papa et sa fille \u00e0 cheval repr\u00e9sente un gardian et sa filles sur leur cheval de Camargue pour un d\u00e9fil\u00e9 lors d&#039;une manifestation de tradition Camarguaise.\" \/>\n<meta property=\"og:url\" content=\"https:\/\/santonsvaquette.fr\/en\/product\/papa-et-sa-fille-a-cheval\/\" \/>\n<meta property=\"og:site_name\" content=\"Santons Vaquette\" \/>\n<meta property=\"article:modified_time\" content=\"2025-12-05T07:43:17+00:00\" \/>\n<meta property=\"og:image\" content=\"https:\/\/santonsvaquette.fr\/wp-content\/uploads\/2025\/04\/Photoroom_20250410_114341.jpg\" \/>\n\t<meta property=\"og:image:width\" content=\"1800\" \/>\n\t<meta property=\"og:image:height\" content=\"2400\" \/>\n\t<meta property=\"og:image:type\" content=\"image\/jpeg\" \/>\n<meta name=\"twitter:card\" content=\"summary_large_image\" \/>\n<meta name=\"twitter:label1\" content=\"Est. reading time\" \/>\n\t<meta name=\"twitter:data1\" content=\"1 minute\" \/>\n<script type=\"application\/ld+json\" class=\"yoast-schema-graph\">{\"@context\":\"https:\\\/\\\/schema.org\",\"@graph\":[{\"@type\":\"WebPage\",\"@id\":\"https:\\\/\\\/santonsvaquette.fr\\\/produit\\\/papa-et-sa-fille-a-cheval\\\/\",\"url\":\"https:\\\/\\\/santonsvaquette.fr\\\/produit\\\/papa-et-sa-fille-a-cheval\\\/\",\"name\":\"Boutique - Produit - Papa et sa fille \u00e0 cheval - Santons Vaquette\",\"isPartOf\":{\"@id\":\"https:\\\/\\\/santonsvaquette.fr\\\/#website\"},\"primaryImageOfPage\":{\"@id\":\"https:\\\/\\\/santonsvaquette.fr\\\/produit\\\/papa-et-sa-fille-a-cheval\\\/#primaryimage\"},\"image\":{\"@id\":\"https:\\\/\\\/santonsvaquette.fr\\\/produit\\\/papa-et-sa-fille-a-cheval\\\/#primaryimage\"},\"thumbnailUrl\":\"https:\\\/\\\/i0.wp.com\\\/santonsvaquette.fr\\\/wp-content\\\/uploads\\\/2025\\\/04\\\/Photoroom_20250410_114341.jpg?fit=1800%2C2400&ssl=1\",\"datePublished\":\"2025-04-11T17:33:47+00:00\",\"dateModified\":\"2025-12-05T07:43:17+00:00\",\"description\":\"Papa et sa fille \u00e0 cheval repr\u00e9sente un gardian et sa filles sur leur cheval de Camargue pour un d\u00e9fil\u00e9 lors d'une manifestation de tradition Camarguaise.\",\"breadcrumb\":{\"@id\":\"https:\\\/\\\/santonsvaquette.fr\\\/produit\\\/papa-et-sa-fille-a-cheval\\\/#breadcrumb\"},\"inLanguage\":\"en-US\",\"potentialAction\":[{\"@type\":\"ReadAction\",\"target\":[\"https:\\\/\\\/santonsvaquette.fr\\\/produit\\\/papa-et-sa-fille-a-cheval\\\/\"]}]},{\"@type\":\"ImageObject\",\"inLanguage\":\"en-US\",\"@id\":\"https:\\\/\\\/santonsvaquette.fr\\\/produit\\\/papa-et-sa-fille-a-cheval\\\/#primaryimage\",\"url\":\"https:\\\/\\\/i0.wp.com\\\/santonsvaquette.fr\\\/wp-content\\\/uploads\\\/2025\\\/04\\\/Photoroom_20250410_114341.jpg?fit=1800%2C2400&ssl=1\",\"contentUrl\":\"https:\\\/\\\/i0.wp.com\\\/santonsvaquette.fr\\\/wp-content\\\/uploads\\\/2025\\\/04\\\/Photoroom_20250410_114341.jpg?fit=1800%2C2400&ssl=1\",\"width\":1800,\"height\":2400},{\"@type\":\"BreadcrumbList\",\"@id\":\"https:\\\/\\\/santonsvaquette.fr\\\/produit\\\/papa-et-sa-fille-a-cheval\\\/#breadcrumb\",\"itemListElement\":[{\"@type\":\"ListItem\",\"position\":1,\"name\":\"Accueil\",\"item\":\"https:\\\/\\\/santonsvaquette.fr\\\/\"},{\"@type\":\"ListItem\",\"position\":2,\"name\":\"Boutique\",\"item\":\"https:\\\/\\\/santonsvaquette.fr\\\/boutique-santons-vaquette\\\/\"},{\"@type\":\"ListItem\",\"position\":3,\"name\":\"Papa et sa fille \u00e0 cheval\"}]},{\"@type\":\"WebSite\",\"@id\":\"https:\\\/\\\/santonsvaquette.fr\\\/#website\",\"url\":\"https:\\\/\\\/santonsvaquette.fr\\\/\",\"name\":\"Santons Vaquette\",\"description\":\"depuis 1981\",\"publisher\":{\"@id\":\"https:\\\/\\\/santonsvaquette.fr\\\/#\\\/schema\\\/person\\\/2109f2983b974b6438d2922fb589bd8b\"},\"potentialAction\":[{\"@type\":\"SearchAction\",\"target\":{\"@type\":\"EntryPoint\",\"urlTemplate\":\"https:\\\/\\\/santonsvaquette.fr\\\/?s={search_term_string}\"},\"query-input\":{\"@type\":\"PropertyValueSpecification\",\"valueRequired\":true,\"valueName\":\"search_term_string\"}}],\"inLanguage\":\"en-US\"},{\"@type\":[\"Person\",\"Organization\"],\"@id\":\"https:\\\/\\\/santonsvaquette.fr\\\/#\\\/schema\\\/person\\\/2109f2983b974b6438d2922fb589bd8b\",\"name\":\"Santons vaquette\",\"image\":{\"@type\":\"ImageObject\",\"inLanguage\":\"en-US\",\"@id\":\"https:\\\/\\\/secure.gravatar.com\\\/avatar\\\/b27ded224387f23330952ffb4227c2d2a9202f493efd626206470a94275dec6c?s=96&d=mm&r=g\",\"url\":\"https:\\\/\\\/secure.gravatar.com\\\/avatar\\\/b27ded224387f23330952ffb4227c2d2a9202f493efd626206470a94275dec6c?s=96&d=mm&r=g\",\"contentUrl\":\"https:\\\/\\\/secure.gravatar.com\\\/avatar\\\/b27ded224387f23330952ffb4227c2d2a9202f493efd626206470a94275dec6c?s=96&d=mm&r=g\",\"caption\":\"Santons vaquette\"},\"logo\":{\"@id\":\"https:\\\/\\\/secure.gravatar.com\\\/avatar\\\/b27ded224387f23330952ffb4227c2d2a9202f493efd626206470a94275dec6c?s=96&d=mm&r=g\"}}]}<\/script>\n<!-- \/ Yoast SEO plugin. -->","yoast_head_json":{"title":"Boutique - Produit - Papa et sa fille \u00e0 cheval - Santons Vaquette","description":"Papa et sa fille \u00e0 cheval repr\u00e9sente un gardian et sa filles sur leur cheval de Camargue pour un d\u00e9fil\u00e9 lors d'une manifestation de tradition Camarguaise.","robots":{"index":"index","follow":"follow","max-snippet":"max-snippet:-1","max-image-preview":"max-image-preview:large","max-video-preview":"max-video-preview:-1"},"canonical":"https:\/\/santonsvaquette.fr\/en\/product\/papa-et-sa-fille-a-cheval\/","og_locale":"en_US","og_type":"article","og_title":"Boutique - Produit - Papa et sa fille \u00e0 cheval - Santons Vaquette","og_description":"Papa et sa fille \u00e0 cheval repr\u00e9sente un gardian et sa filles sur leur cheval de Camargue pour un d\u00e9fil\u00e9 lors d'une manifestation de tradition Camarguaise.","og_url":"https:\/\/santonsvaquette.fr\/en\/product\/papa-et-sa-fille-a-cheval\/","og_site_name":"Santons Vaquette","article_modified_time":"2025-12-05T07:43:17+00:00","og_image":[{"width":1800,"height":2400,"url":"https:\/\/santonsvaquette.fr\/wp-content\/uploads\/2025\/04\/Photoroom_20250410_114341.jpg","type":"image\/jpeg"}],"twitter_card":"summary_large_image","twitter_misc":{"Est. reading time":"1 minute"},"schema":{"@context":"https:\/\/schema.org","@graph":[{"@type":"WebPage","@id":"https:\/\/santonsvaquette.fr\/produit\/papa-et-sa-fille-a-cheval\/","url":"https:\/\/santonsvaquette.fr\/produit\/papa-et-sa-fille-a-cheval\/","name":"Boutique - Produit - Papa et sa fille \u00e0 cheval - Santons Vaquette","isPartOf":{"@id":"https:\/\/santonsvaquette.fr\/#website"},"primaryImageOfPage":{"@id":"https:\/\/santonsvaquette.fr\/produit\/papa-et-sa-fille-a-cheval\/#primaryimage"},"image":{"@id":"https:\/\/santonsvaquette.fr\/produit\/papa-et-sa-fille-a-cheval\/#primaryimage"},"thumbnailUrl":"https:\/\/i0.wp.com\/santonsvaquette.fr\/wp-content\/uploads\/2025\/04\/Photoroom_20250410_114341.jpg?fit=1800%2C2400&ssl=1","datePublished":"2025-04-11T17:33:47+00:00","dateModified":"2025-12-05T07:43:17+00:00","description":"Papa et sa fille \u00e0 cheval repr\u00e9sente un gardian et sa filles sur leur cheval de Camargue pour un d\u00e9fil\u00e9 lors d'une manifestation de tradition Camarguaise.","breadcrumb":{"@id":"https:\/\/santonsvaquette.fr\/produit\/papa-et-sa-fille-a-cheval\/#breadcrumb"},"inLanguage":"en-US","potentialAction":[{"@type":"ReadAction","target":["https:\/\/santonsvaquette.fr\/produit\/papa-et-sa-fille-a-cheval\/"]}]},{"@type":"ImageObject","inLanguage":"en-US","@id":"https:\/\/santonsvaquette.fr\/produit\/papa-et-sa-fille-a-cheval\/#primaryimage","url":"https:\/\/i0.wp.com\/santonsvaquette.fr\/wp-content\/uploads\/2025\/04\/Photoroom_20250410_114341.jpg?fit=1800%2C2400&ssl=1","contentUrl":"https:\/\/i0.wp.com\/santonsvaquette.fr\/wp-content\/uploads\/2025\/04\/Photoroom_20250410_114341.jpg?fit=1800%2C2400&ssl=1","width":1800,"height":2400},{"@type":"BreadcrumbList","@id":"https:\/\/santonsvaquette.fr\/produit\/papa-et-sa-fille-a-cheval\/#breadcrumb","itemListElement":[{"@type":"ListItem","position":1,"name":"Accueil","item":"https:\/\/santonsvaquette.fr\/"},{"@type":"ListItem","position":2,"name":"Boutique","item":"https:\/\/santonsvaquette.fr\/boutique-santons-vaquette\/"},{"@type":"ListItem","position":3,"name":"Papa et sa fille \u00e0 cheval"}]},{"@type":"WebSite","@id":"https:\/\/santonsvaquette.fr\/#website","url":"https:\/\/santonsvaquette.fr\/","name":"Santons Vaquette","description":"since 1981","publisher":{"@id":"https:\/\/santonsvaquette.fr\/#\/schema\/person\/2109f2983b974b6438d2922fb589bd8b"},"potentialAction":[{"@type":"SearchAction","target":{"@type":"EntryPoint","urlTemplate":"https:\/\/santonsvaquette.fr\/?s={search_term_string}"},"query-input":{"@type":"PropertyValueSpecification","valueRequired":true,"valueName":"search_term_string"}}],"inLanguage":"en-US"},{"@type":["Person","Organization"],"@id":"https:\/\/santonsvaquette.fr\/#\/schema\/person\/2109f2983b974b6438d2922fb589bd8b","name":"Santons vaquette","image":{"@type":"ImageObject","inLanguage":"en-US","@id":"https:\/\/secure.gravatar.com\/avatar\/b27ded224387f23330952ffb4227c2d2a9202f493efd626206470a94275dec6c?s=96&d=mm&r=g","url":"https:\/\/secure.gravatar.com\/avatar\/b27ded224387f23330952ffb4227c2d2a9202f493efd626206470a94275dec6c?s=96&d=mm&r=g","contentUrl":"https:\/\/secure.gravatar.com\/avatar\/b27ded224387f23330952ffb4227c2d2a9202f493efd626206470a94275dec6c?s=96&d=mm&r=g","caption":"Santons vaquette"},"logo":{"@id":"https:\/\/secure.gravatar.com\/avatar\/b27ded224387f23330952ffb4227c2d2a9202f493efd626206470a94275dec6c?s=96&d=mm&r=g"}}]}},"jetpack_publicize_connections":[],"jetpack_sharing_enabled":true,"_links":{"self":[{"href":"https:\/\/santonsvaquette.fr\/en\/wp-json\/wp\/v2\/product\/3660","targetHints":{"allow":["GET"]}}],"collection":[{"href":"https:\/\/santonsvaquette.fr\/en\/wp-json\/wp\/v2\/product"}],"about":[{"href":"https:\/\/santonsvaquette.fr\/en\/wp-json\/wp\/v2\/types\/product"}],"replies":[{"embeddable":true,"href":"https:\/\/santonsvaquette.fr\/en\/wp-json\/wp\/v2\/comments?post=3660"}],"wp:featuredmedia":[{"embeddable":true,"href":"https:\/\/santonsvaquette.fr\/en\/wp-json\/wp\/v2\/media\/3659"}],"wp:attachment":[{"href":"https:\/\/santonsvaquette.fr\/en\/wp-json\/wp\/v2\/media?parent=3660"}],"wp:term":[{"taxonomy":"product_brand","embeddable":true,"href":"https:\/\/santonsvaquette.fr\/en\/wp-json\/wp\/v2\/product_brand?post=3660"},{"taxonomy":"product_cat","embeddable":true,"href":"https:\/\/santonsvaquette.fr\/en\/wp-json\/wp\/v2\/product_cat?post=3660"},{"taxonomy":"product_tag","embeddable":true,"href":"https:\/\/santonsvaquette.fr\/en\/wp-json\/wp\/v2\/product_tag?post=3660"}],"curies":[{"name":"wp","href":"https:\/\/api.w.org\/{rel}","templated":true}]}}